{"id":20684,"date":"2024-03-06T10:47:54","date_gmt":"2024-03-06T10:47:54","guid":{"rendered":"https:\/\/modera.com\/villkor-och-bestammelser\/"},"modified":"2024-03-07T11:24:10","modified_gmt":"2024-03-07T11:24:10","slug":"villkor-och-bestammelser","status":"publish","type":"page","link":"https:\/\/modera.com\/sv\/villkor-och-bestammelser\/","title":{"rendered":"Villkor och best\u00e4mmelser"},"content":{"rendered":"\n<p>I detta avtal och ansvarsfriskrivning (&#8221;Avtalet&#8221;) h\u00e4nvisar &#8221;du&#8221; och &#8221;din&#8221; till varje kund eller webbplatsbes\u00f6kare, &#8221;vi&#8221;, &#8221;oss&#8221; och &#8221;v\u00e5r&#8221; h\u00e4nvisar till https:\/\/modera.com\/wp-content\/uploads\/2021\/04\/illustration-ecommerce.png Software LTD, (MODERA), dess entrepren\u00f6rer, agenter, anst\u00e4llda, tj\u00e4nstem\u00e4n, direkt\u00f6rer och dotterbolag och &#8221;Tj\u00e4nster&#8221; h\u00e4nvisar till de tj\u00e4nster som tillhandah\u00e5lls av oss. MODERA TILLHANDAH\u00c5LLER DENNA WEBBPLATS OCH RELATERADE TJ\u00c4NSTER MED F\u00d6RBEH\u00c5LL F\u00d6R DIN EFTERLEVNAD AV VILLKORNA SOM FASTST\u00c4LLTS H\u00c4R. V\u00c4NLIGEN L\u00c4S NEDANST\u00c5ENDE INFORMATION NOGGRANT.<\/p>\n\n<h2 class=\"wp-block-heading\">ANSVARSFRISKRIVNING<\/h2>\n\n<p>DENNA WEBBPLATS TILLHANDAH\u00c5LLS I BEFINTLIGT SKICK UTAN GARANTIER ELLER F\u00d6RS\u00c4KRINGAR, VARKEN UTTRYCKTA ELLER UNDERF\u00d6RST\u00c5DDA, INKLUSIVE, MEN INTE BEGR\u00c4NSAT TILL, UNDERF\u00d6RST\u00c5DDA GARANTIER F\u00d6R S\u00c4LJBARHET, L\u00c4MPLIGHET F\u00d6R ETT S\u00c4RSKILT \u00c4NDAM\u00c5L OCH ICKE-INTR\u00c5NG. DU ANSVARAR HELT OCH H\u00c5LLET F\u00d6R ANV\u00c4NDNING AV DENNA WEBBPLATS OCH ALLA TILL DENNA WEBBPLATS RELATERADE TJ\u00c4NSTER. Vissa jurisdiktioner till\u00e5ter inte uteslutning av underf\u00f6rst\u00e5dda garantier, s\u00e5 den ovanst\u00e5ende uteslutningen g\u00e4ller kanske inte f\u00f6r dig.&#13;\n&#13;\nMODERA, DESS AGENTER, REPRESENTANTER OCH ANST\u00c4LLDA \u00c4R VARKEN ANSVARIGA ELLER SKYLDIGA F\u00d6R N\u00c5GRA DIREKTA, INDIREKTA, TILLF\u00c4LLIGA, F\u00d6LJDM\u00c4SSIGA, SPECIELLA, EXEMPLIFIERANDE, PUNITIVA ELLER ANDRA SKADOR SOM UPPST\u00c5R P\u00c5 ELLER HAR ATT G\u00d6RA MED DENNA WEBBPLATS, WEBBPLATSRELATERADE TJ\u00c4NSTER OCH\/ELLER INNEH\u00c5LL ELLER INFORMATION SOM FINNS INOM WEBBPLATSEN. DITT ENDA MEDLEMSKAP F\u00d6R MISSN\u00d6JE MED WEBBPLATSEN ELLER DESS TJ\u00c4NSTER \u00c4R ATT SLUTA ANV\u00c4NDA WEBBPLATSEN OCH\/ELLER DESS TJ\u00c4NSTER.<\/p>\n\n<p>MODERA SKALL INTE VARA ANSVARIG MOT DIG ELLER DITT F\u00d6RETAG F\u00d6R N\u00c5GRA TILLF\u00c4LLIGA, F\u00d6LJDM\u00c4SSIGA, SPECIELLA ELLER PUNITIVA SKADOR ELLER F\u00d6RLORADE ELLER TILLSKRIVNA VINSTER ELLER ROYALTIES SOM UPPST\u00c5R UR DETTA AVTAL ELLER N\u00c5GRA VAROR ELLER TJ\u00c4NSTER SOM TILLHANDAH\u00c5LLS, OAVSETT OM DET G\u00c4LLER BROTT MOT GARANTI ELLER N\u00c5GON SKYLDIGHET SOM UPPKOMMER D\u00c4RUR ELLER P\u00c5 ANNAT S\u00c4TT, OAVSETT OM ANSVAR G\u00d6RS G\u00c4LLANDE I KONTRAKT ELLER TORT (INKLUSIVE F\u00d6RSUMMELSE OCH STR\u00c4NGT PRODUKTANSVAR) OCH OAVSETT OM DU HAR INFORMERATS OM M\u00d6JLIGHETEN TILL N\u00c5GON S\u00c5DAN F\u00d6RLUST ELLER SKADA. VARJE PART FR\u00c5NS\u00c4GER SIG H\u00c4RMED ALLA P\u00c5ST\u00c5ENDEN ATT DESSA UNDANTAG BER\u00d6VAR S\u00c5DAN PART AV EN ADEKVAT L\u00d6SNING.&#13;\n&#13;\nDU ERK\u00c4NNER ATT TREDJEPARTS PRODUKT- OCH TJ\u00c4NSTELEVERANT\u00d6RER ANNONSERAR SINA PRODUKTER OCH TJ\u00c4NSTER P\u00c5 MODERAS WEBBPLATS. MODERA BILDAR &#8221;PARTNERSKAP&#8221; ELLER ALLIANSER MED VISSA AV DESSA LEVERANT\u00d6RER FR\u00c5N TID TILL ANNAN F\u00d6R ATT UNDERL\u00c4TTA TILLHANDAH\u00c5LLENDET AV DESSA PRODUKTER OCH TJ\u00c4NSTER TILL DIG. DU ERK\u00c4NNER EMELLERTID OCH GODK\u00c4NNER ATT MODERA VID INGET TILLF\u00c4LLE G\u00d6R N\u00c5GON REPRESENTATION ELLER GARANTI AVSEENDE N\u00c5GON TREDJEPARTS PRODUKTER ELLER TJ\u00c4NSTER, ELLER BLIR ANSVARIG F\u00d6R DIG ELLER N\u00c5GON TREDJEPART F\u00d6R N\u00c5GRA P\u00c5ST\u00c5ENDEN SOM UPPST\u00c5R FR\u00c5N ELLER I SAMBAND MED S\u00c5DANA TREDJEPARTS PRODUKTER OCH TJ\u00c4NSTER. DU FR\u00c5NS\u00c4GER DIG H\u00c4RMED OCH AVST\u00c5R FR\u00c5N ALLA R\u00c4TTIGHETER OCH P\u00c5ST\u00c5ENDEN DU M\u00c5 HA MOT MODERA MED AVSEENDE P\u00c5 TREDJEPARTS PRODUKTER OCH TJ\u00c4NSTER, I DEN M\u00c5N DET \u00c4R TILL\u00c5TET ENLIGT LAG.&#13;\n&#13;\nDu f\u00f6rst\u00e5r och godk\u00e4nner att allt material och\/eller data som laddas ner eller p\u00e5 annat s\u00e4tt erh\u00e5lls genom anv\u00e4ndning av v\u00e5ra tj\u00e4nster g\u00f6rs p\u00e5 egen risk och att du ensam ansvarar f\u00f6r eventuell skada p\u00e5 ditt datorsystem eller f\u00f6rlust av data som uppst\u00e5r till f\u00f6ljd av nedladdningen av s\u00e5dant material och\/eller data. Du f\u00f6rst\u00e5r att alla f\u00f6retagsbeslut som laddas ner fr\u00e5n Activefilings webbplats g\u00f6rs p\u00e5 eget bev\u00e5g och risk. Vi l\u00e4mnar ingen garanti avseende n\u00e5gra varor eller tj\u00e4nster som k\u00f6ps eller erh\u00e5lls eller n\u00e5gra transaktioner som ing\u00e5s med MODERA. Inget r\u00e5d eller information, vare sig muntlig eller skriftlig, som erh\u00e5llits av dig fr\u00e5n MODERA ska skapa n\u00e5gon garanti som inte uttryckligen gjorts h\u00e4r.<\/p>\n\n<p>Vissa jurisdiktioner till\u00e5ter inte uteslutningen av vissa garantier, s\u00e5 vissa av ovanst\u00e5ende undantag kanske inte g\u00e4ller f\u00f6r dig. MODERA kan p\u00e5 egen hand v\u00e4lja att \u00e4ndra villkoren, f\u00f6ruts\u00e4ttningarna och driften av denna webbplats n\u00e4r som helst. Genom att anv\u00e4nda denna tj\u00e4nst avst\u00e5r anv\u00e4ndaren fr\u00e5n alla r\u00e4ttigheter eller p\u00e5st\u00e5enden som den kan ha mot MODERA. Inneh\u00e5llet som \u00e4r tillg\u00e4ngligt via webbplatsen \u00e4r MODERAS eller dess licensgivares ensamr\u00e4tt och skyddas av upphovsr\u00e4tts-, varum\u00e4rkes- och andra immaterialr\u00e4ttsliga lagar. Utom i annat uttryckligen \u00f6verenskommet skriftligen f\u00e5r inneh\u00e5ll som \u00e4gs av MODERA och som tas emot genom webbplatsen endast laddas ner, visas, omformats och skrivas ut f\u00f6r personligt, icke-kommersiellt bruk endast. Inneh\u00e5ll som \u00e4gs av MODERAS licensgivare kan vara f\u00f6rem\u00e5l f\u00f6r ytterligare begr\u00e4nsningar. Du samtycker till att inte reproducera, s\u00e4nda vidare, distribuera, sprida, s\u00e4lja, publicera, s\u00e4nda eller cirkulera inneh\u00e5llet som tas emot genom webbplatsen till n\u00e5gon, inklusive men inte begr\u00e4nsat till andra i samma f\u00f6retag eller organisation, utan MODERAS uttryckliga skriftliga medgivande i f\u00f6rv\u00e4g.<\/p>\n\n<h2 class=\"wp-block-heading\">L\u00c4NK ANSVARSFRISKRIVNING<\/h2>\n\n<p>L\u00e4nkar till andra webbplatser tillhandah\u00e5lls endast som en service till MODERAS kunder. Dessa l\u00e4nkar utg\u00f6r inte ett godk\u00e4nnande av produkter, tj\u00e4nster eller information som tillhandah\u00e5lls av andra webbplatser. Vidare inneb\u00e4r inkluderingen av l\u00e4nkar till andra webbplatser inte att de andra webbplatserna har gett tillst\u00e5nd f\u00f6r inkludering av dessa l\u00e4nkar, eller att det finns n\u00e5got f\u00f6rh\u00e5llande mellan MODERA och den l\u00e4nkade webbplatsen. MODERA ansvarar inte f\u00f6r integritetspraxis eller inneh\u00e5llet p\u00e5 andra webbplatser. MODERA f\u00f6rnekar h\u00e4rmed alla uttryckliga eller underf\u00f6rst\u00e5dda garantier p\u00e5 n\u00e5gon annan webbplats \u00e4n v\u00e5r egen.&#13;\n&#13;\nDENNA WEBBPLATS \u00c4R INTE EN ERS\u00c4TTNING F\u00d6R JURIDISK R\u00c5DGIVNING&#13;\n&#13;\nMaterialen som publiceras p\u00e5 <a href=\"http:\/\/www.modera.com\/\" target=\"_new\" rel=\"noopener\">www.modera.com<\/a> tillhandah\u00e5lls endast f\u00f6r allm\u00e4n information och utg\u00f6r inte individualiserad juridisk r\u00e5dgivning. Din granskning av de publicerade materialen etablerar inte n\u00e5gon form av advokat-klientrelation mellan dig och MODERA. Du b\u00f6r r\u00e5dfr\u00e5ga kvalificerad juridisk r\u00e5dgivning f\u00f6r att fastst\u00e4lla g\u00e4llande lagstiftning och hur den kan till\u00e4mpas p\u00e5 din specifika situation.&#13;\n&#13;\nUPPHOVSR\u00c4TT<\/p>\n\n<p>Allt inneh\u00e5ll p\u00e5 denna webbplats, inklusive, men inte begr\u00e4nsat till text, programvara, grafik, logotyper, ikoner och bilder \u00e4r egendom av MODERA. Utan tillst\u00e5nd enligt detta avtal f\u00e5r ingen del av materialet p\u00e5 dessa sidor tryckas om eller publiceras p\u00e5 n\u00e5got s\u00e4tt utan uttryckligt skriftligt tillst\u00e5nd fr\u00e5n f\u00f6retaget. Tillst\u00e5nd ges att skriva ut kopior av informationsartiklar f\u00f6r din egen anv\u00e4ndning och granskning, f\u00f6rutsatt att k\u00e4llh\u00e4nvisningar och upphovsr\u00e4ttsnotiser bibeh\u00e5lls.<\/p>\n\n<h2 class=\"wp-block-heading\">VARUM\u00c4RKE<\/h2>\n\n<p>Vi f\u00f6rbeh\u00e5ller oss alla r\u00e4ttigheter till den grafiska bilden och texten, alla andra bilder, v\u00e5ra f\u00f6retagsnamn och varum\u00e4rken samt alla immateriella r\u00e4ttigheter. MODERAs f\u00f6retagsnamn, varum\u00e4rken, logotyper och tj\u00e4nstenamn samt liknande skyddade m\u00e4rken f\u00e5r inte tryckas om eller visas i n\u00e5gon form utan det uttryckliga skriftliga tillst\u00e5ndet fr\u00e5n MODERA.<\/p>\n\n<h2 class=\"wp-block-heading\">E-POST\u00d6VERF\u00d6RINGAR<\/h2>\n\n<p>V\u00e5r webbplats anv\u00e4nder ett s\u00e4kert onlinebest\u00e4llningsformul\u00e4r f\u00f6r kunder att ans\u00f6ka om v\u00e5ra tj\u00e4nster. N\u00e4r du skickar en elektronisk post\u00f6verf\u00f6ring till MODERA (till skillnad fr\u00e5n ett s\u00e4kert best\u00e4llningsformul\u00e4r, som \u00e4r krypterat), \u00e4r den elektroniska post\u00f6verf\u00f6ringen inte n\u00f6dv\u00e4ndigtvis s\u00e4ker och krypteras inte. D\u00e4rf\u00f6r \u00e4r e-post\u00f6verf\u00f6ringar inte n\u00f6dv\u00e4ndigtvis skyddade mot obeh\u00f6rig \u00e5tkomst. \u00d6verf\u00f6ring av e-post sker p\u00e5 egen risk. MODERA kan inte ta ansvar f\u00f6r din \u00f6verf\u00f6ring av konfidentiell information eller n\u00e5gon skyldighet avseende den informationen som inte har skickats \u00f6ver den s\u00e4kra servern.<\/p>\n\n<h2 class=\"wp-block-heading\">TILL\u00c4MPLIG LAG<\/h2>\n\n<p>Genom att anv\u00e4nda denna webbplats underkastar du dig den exklusiva jurisdiktionen f\u00f6r Europeiska unionen, medlemsstaten Estland, och avst\u00e5r fr\u00e5n alla inv\u00e4ndningar mot jurisdiktion, forum eller otympliga forum till s\u00e5dana domstolar. Du samtycker till att, om en agent f\u00f6r dig (t.ex. en Internetleverant\u00f6r, anst\u00e4lld osv.) k\u00f6pte v\u00e5ra tj\u00e4nster p\u00e5 dina v\u00e4gnar, \u00e4r du \u00e4nd\u00e5 bunden som huvudman av alla villkor h\u00e4rin. MODERA kan \u00e4ndra dessa anv\u00e4ndarvillkor n\u00e4r som helst genom att g\u00f6ra s\u00e5dana \u00e4ndringar p\u00e5 denna sida.&#13;\n&#13;\nGENOM ATT ANV\u00c4NDA DENNA WEBBPLATS OCH\/ELLER N\u00c5GRA TJ\u00c4NSTER RELATERADE D\u00c4RTILL SAMTYCKER DU TILL ATT DU HAR L\u00c4ST, F\u00d6RST\u00c5TT OCH GODK\u00c4NNER ANV\u00c4NDARVILLKOREN. Alla nedan listade dokument inf\u00f6rlivas h\u00e4rmed i detta anv\u00e4ndarvillkor och ansvarsfriskrivning genom referens.<\/p>\n","protected":false},"excerpt":{"rendered":"<p>I detta avtal och ansvarsfriskrivning (&#8221;Avtalet&#8221;) h\u00e4nvisar &#8221;du&#8221; och &#8221;din&#8221; till varje kund eller webbplatsbes\u00f6kare, &#8221;vi&#8221;, &#8221;oss&#8221; och &#8221;v\u00e5r&#8221; h\u00e4nvisar till https:\/\/modera.com\/wp-content\/uploads\/2021\/04\/illustration-ecommerce.png Software LTD, (MODERA), dess entrepren\u00f6rer, agenter, anst\u00e4llda, tj\u00e4nstem\u00e4n,&hellip;<\/p>\n","protected":false},"author":1,"featured_media":0,"parent":0,"menu_order":31,"comment_status":"closed","ping_status":"closed","template":"","meta":{"_lmt_disableupdate":"","_lmt_disable":"","footnotes":""},"class_list":["post-20684","page","type-page","status-publish","hentry"],"yoast_head":"<!-- This site is optimized with the Yoast SEO Premium plugin v26.6 (Yoast SEO v27.3) - https:\/\/yoast.com\/product\/yoast-seo-premium-wordpress\/ -->\n<title>Villkor och best\u00e4mmelser - Modera<\/title>\n<meta name=\"robots\" content=\"index, follow, max-snippet:-1, max-image-preview:large, max-video-preview:-1\" \/>\n<link rel=\"canonical\" href=\"https:\/\/modera.com\/sv\/villkor-och-bestammelser\/\" \/>\n<meta property=\"og:locale\" content=\"sv_SE\" \/>\n<meta property=\"og:type\" content=\"article\" \/>\n<meta property=\"og:title\" content=\"Villkor och best\u00e4mmelser\" \/>\n<meta property=\"og:description\" content=\"I detta avtal och ansvarsfriskrivning (&#8221;Avtalet&#8221;) h\u00e4nvisar &#8221;du&#8221; och &#8221;din&#8221; till varje kund eller webbplatsbes\u00f6kare, &#8221;vi&#8221;, &#8221;oss&#8221; och &#8221;v\u00e5r&#8221; h\u00e4nvisar till https:\/\/modera.com\/wp-content\/uploads\/2021\/04\/illustration-ecommerce.png Software LTD, (MODERA), dess entrepren\u00f6rer, agenter, anst\u00e4llda, tj\u00e4nstem\u00e4n,&hellip;\" \/>\n<meta property=\"og:url\" content=\"https:\/\/modera.com\/sv\/villkor-och-bestammelser\/\" \/>\n<meta property=\"og:site_name\" content=\"Modera\" \/>\n<meta property=\"article:publisher\" content=\"https:\/\/www.facebook.com\/moderasoft\" \/>\n<meta property=\"article:modified_time\" content=\"2024-03-07T11:24:10+00:00\" \/>\n<meta name=\"twitter:card\" content=\"summary_large_image\" \/>\n<meta name=\"twitter:label1\" content=\"Ber\u00e4knad l\u00e4stid\" \/>\n\t<meta name=\"twitter:data1\" content=\"7 minuter\" \/>\n<script type=\"application\/ld+json\" class=\"yoast-schema-graph\">{\"@context\":\"https:\\\/\\\/schema.org\",\"@graph\":[{\"@type\":\"WebPage\",\"@id\":\"https:\\\/\\\/modera.com\\\/sv\\\/villkor-och-bestammelser\\\/\",\"url\":\"https:\\\/\\\/modera.com\\\/sv\\\/villkor-och-bestammelser\\\/\",\"name\":\"Villkor och best\u00e4mmelser - Modera\",\"isPartOf\":{\"@id\":\"https:\\\/\\\/modera.com\\\/sv\\\/#website\"},\"datePublished\":\"2024-03-06T10:47:54+00:00\",\"dateModified\":\"2024-03-07T11:24:10+00:00\",\"breadcrumb\":{\"@id\":\"https:\\\/\\\/modera.com\\\/sv\\\/villkor-och-bestammelser\\\/#breadcrumb\"},\"inLanguage\":\"sv-SE\",\"potentialAction\":[{\"@type\":\"ReadAction\",\"target\":[\"https:\\\/\\\/modera.com\\\/sv\\\/villkor-och-bestammelser\\\/\"]}]},{\"@type\":\"BreadcrumbList\",\"@id\":\"https:\\\/\\\/modera.com\\\/sv\\\/villkor-och-bestammelser\\\/#breadcrumb\",\"itemListElement\":[{\"@type\":\"ListItem\",\"position\":1,\"name\":\"Home\",\"item\":\"https:\\\/\\\/modera.com\\\/sv\\\/\"},{\"@type\":\"ListItem\",\"position\":2,\"name\":\"Villkor och best\u00e4mmelser\"}]},{\"@type\":\"WebSite\",\"@id\":\"https:\\\/\\\/modera.com\\\/sv\\\/#website\",\"url\":\"https:\\\/\\\/modera.com\\\/sv\\\/\",\"name\":\"Modera\",\"description\":\"Car sales made simple\",\"publisher\":{\"@id\":\"https:\\\/\\\/modera.com\\\/sv\\\/#organization\"},\"potentialAction\":[{\"@type\":\"SearchAction\",\"target\":{\"@type\":\"EntryPoint\",\"urlTemplate\":\"https:\\\/\\\/modera.com\\\/sv\\\/?s={search_term_string}\"},\"query-input\":{\"@type\":\"PropertyValueSpecification\",\"valueRequired\":true,\"valueName\":\"search_term_string\"}}],\"inLanguage\":\"sv-SE\"},{\"@type\":[\"Organization\",\"Place\"],\"@id\":\"https:\\\/\\\/modera.com\\\/sv\\\/#organization\",\"name\":\"Modera Ltd.\",\"alternateName\":\"Aktsiaselts Modera\",\"url\":\"https:\\\/\\\/modera.com\\\/sv\\\/\",\"logo\":{\"@id\":\"https:\\\/\\\/modera.com\\\/sv\\\/villkor-och-bestammelser\\\/#local-main-organization-logo\"},\"image\":{\"@id\":\"https:\\\/\\\/modera.com\\\/sv\\\/villkor-och-bestammelser\\\/#local-main-organization-logo\"},\"sameAs\":[\"https:\\\/\\\/www.facebook.com\\\/moderasoft\",\"https:\\\/\\\/linkedin.com\\\/company\\\/modera-automotive\"],\"description\":\"Modera helps automotive manufacturers, importers, and dealer networks modernise how they sell, communicate, and grow. Our AI-driven platform connects every part of the sales ecosystem \u2014 from lead to delivery \u2014 enabling faster sales, smarter decisions, and seamless customer experiences across online and in-store channels.\",\"legalName\":\"Aktsiaselts Modera\",\"foundingDate\":\"2007-04-27\",\"duns\":\"565452886\",\"numberOfEmployees\":{\"@type\":\"QuantitativeValue\",\"minValue\":\"11\",\"maxValue\":\"50\"},\"address\":{\"@id\":\"https:\\\/\\\/modera.com\\\/sv\\\/villkor-och-bestammelser\\\/#local-main-place-address\"},\"geo\":{\"@type\":\"GeoCoordinates\",\"latitude\":\"59.42723790071567\",\"longitude\":\"24.65569993969669\"},\"telephone\":[\"+3726505500\"],\"contactPoint\":{\"@type\":\"ContactPoint\",\"email\":\"sales@modera.com\"},\"openingHoursSpecification\":[{\"@type\":\"OpeningHoursSpecification\",\"dayOfWeek\":[\"Monday\",\"Tuesday\",\"Wednesday\",\"Thursday\",\"Friday\"],\"opens\":\"09:00\",\"closes\":\"17:00\"},{\"@type\":\"OpeningHoursSpecification\",\"dayOfWeek\":[\"Saturday\",\"Sunday\"],\"opens\":\"00:00\",\"closes\":\"00:00\"}],\"email\":\"info@modera.com\",\"areaServed\":\"Whole world\",\"vatID\":\"EE101257613\"},{\"@type\":\"PostalAddress\",\"@id\":\"https:\\\/\\\/modera.com\\\/sv\\\/villkor-och-bestammelser\\\/#local-main-place-address\",\"streetAddress\":\"M\u00f5isa tn 4\",\"addressLocality\":\"Tallinn\",\"postalCode\":\"13522\",\"addressRegion\":\"Harjumaa\",\"addressCountry\":\"EE\"},{\"@type\":\"ImageObject\",\"inLanguage\":\"sv-SE\",\"@id\":\"https:\\\/\\\/modera.com\\\/sv\\\/villkor-och-bestammelser\\\/#local-main-organization-logo\",\"url\":\"https:\\\/\\\/modera.com\\\/wp-content\\\/uploads\\\/2025\\\/12\\\/Modera-logo-square-hq.png\",\"contentUrl\":\"https:\\\/\\\/modera.com\\\/wp-content\\\/uploads\\\/2025\\\/12\\\/Modera-logo-square-hq.png\",\"width\":540,\"height\":540,\"caption\":\"Modera Ltd.\"}]}<\/script>\n<meta name=\"geo.placename\" content=\"Tallinn\" \/>\n<meta name=\"geo.position\" content=\"59.42723790071567;24.65569993969669\" \/>\n<meta name=\"geo.region\" content=\"Estland\" \/>\n<!-- \/ Yoast SEO Premium plugin. -->","yoast_head_json":{"title":"Villkor och best\u00e4mmelser - Modera","robots":{"index":"index","follow":"follow","max-snippet":"max-snippet:-1","max-image-preview":"max-image-preview:large","max-video-preview":"max-video-preview:-1"},"canonical":"https:\/\/modera.com\/sv\/villkor-och-bestammelser\/","og_locale":"sv_SE","og_type":"article","og_title":"Villkor och best\u00e4mmelser","og_description":"I detta avtal och ansvarsfriskrivning (&#8221;Avtalet&#8221;) h\u00e4nvisar &#8221;du&#8221; och &#8221;din&#8221; till varje kund eller webbplatsbes\u00f6kare, &#8221;vi&#8221;, &#8221;oss&#8221; och &#8221;v\u00e5r&#8221; h\u00e4nvisar till https:\/\/modera.com\/wp-content\/uploads\/2021\/04\/illustration-ecommerce.png Software LTD, (MODERA), dess entrepren\u00f6rer, agenter, anst\u00e4llda, tj\u00e4nstem\u00e4n,&hellip;","og_url":"https:\/\/modera.com\/sv\/villkor-och-bestammelser\/","og_site_name":"Modera","article_publisher":"https:\/\/www.facebook.com\/moderasoft","article_modified_time":"2024-03-07T11:24:10+00:00","twitter_card":"summary_large_image","twitter_misc":{"Ber\u00e4knad l\u00e4stid":"7 minuter"},"schema":{"@context":"https:\/\/schema.org","@graph":[{"@type":"WebPage","@id":"https:\/\/modera.com\/sv\/villkor-och-bestammelser\/","url":"https:\/\/modera.com\/sv\/villkor-och-bestammelser\/","name":"Villkor och best\u00e4mmelser - Modera","isPartOf":{"@id":"https:\/\/modera.com\/sv\/#website"},"datePublished":"2024-03-06T10:47:54+00:00","dateModified":"2024-03-07T11:24:10+00:00","breadcrumb":{"@id":"https:\/\/modera.com\/sv\/villkor-och-bestammelser\/#breadcrumb"},"inLanguage":"sv-SE","potentialAction":[{"@type":"ReadAction","target":["https:\/\/modera.com\/sv\/villkor-och-bestammelser\/"]}]},{"@type":"BreadcrumbList","@id":"https:\/\/modera.com\/sv\/villkor-och-bestammelser\/#breadcrumb","itemListElement":[{"@type":"ListItem","position":1,"name":"Home","item":"https:\/\/modera.com\/sv\/"},{"@type":"ListItem","position":2,"name":"Villkor och best\u00e4mmelser"}]},{"@type":"WebSite","@id":"https:\/\/modera.com\/sv\/#website","url":"https:\/\/modera.com\/sv\/","name":"Modera","description":"Car sales made simple","publisher":{"@id":"https:\/\/modera.com\/sv\/#organization"},"potentialAction":[{"@type":"SearchAction","target":{"@type":"EntryPoint","urlTemplate":"https:\/\/modera.com\/sv\/?s={search_term_string}"},"query-input":{"@type":"PropertyValueSpecification","valueRequired":true,"valueName":"search_term_string"}}],"inLanguage":"sv-SE"},{"@type":["Organization","Place"],"@id":"https:\/\/modera.com\/sv\/#organization","name":"Modera Ltd.","alternateName":"Aktsiaselts Modera","url":"https:\/\/modera.com\/sv\/","logo":{"@id":"https:\/\/modera.com\/sv\/villkor-och-bestammelser\/#local-main-organization-logo"},"image":{"@id":"https:\/\/modera.com\/sv\/villkor-och-bestammelser\/#local-main-organization-logo"},"sameAs":["https:\/\/www.facebook.com\/moderasoft","https:\/\/linkedin.com\/company\/modera-automotive"],"description":"Modera helps automotive manufacturers, importers, and dealer networks modernise how they sell, communicate, and grow. Our AI-driven platform connects every part of the sales ecosystem \u2014 from lead to delivery \u2014 enabling faster sales, smarter decisions, and seamless customer experiences across online and in-store channels.","legalName":"Aktsiaselts Modera","foundingDate":"2007-04-27","duns":"565452886","numberOfEmployees":{"@type":"QuantitativeValue","minValue":"11","maxValue":"50"},"address":{"@id":"https:\/\/modera.com\/sv\/villkor-och-bestammelser\/#local-main-place-address"},"geo":{"@type":"GeoCoordinates","latitude":"59.42723790071567","longitude":"24.65569993969669"},"telephone":["+3726505500"],"contactPoint":{"@type":"ContactPoint","email":"sales@modera.com"},"openingHoursSpecification":[{"@type":"OpeningHoursSpecification","dayOfWeek":["Monday","Tuesday","Wednesday","Thursday","Friday"],"opens":"09:00","closes":"17:00"},{"@type":"OpeningHoursSpecification","dayOfWeek":["Saturday","Sunday"],"opens":"00:00","closes":"00:00"}],"email":"info@modera.com","areaServed":"Whole world","vatID":"EE101257613"},{"@type":"PostalAddress","@id":"https:\/\/modera.com\/sv\/villkor-och-bestammelser\/#local-main-place-address","streetAddress":"M\u00f5isa tn 4","addressLocality":"Tallinn","postalCode":"13522","addressRegion":"Harjumaa","addressCountry":"EE"},{"@type":"ImageObject","inLanguage":"sv-SE","@id":"https:\/\/modera.com\/sv\/villkor-och-bestammelser\/#local-main-organization-logo","url":"https:\/\/modera.com\/wp-content\/uploads\/2025\/12\/Modera-logo-square-hq.png","contentUrl":"https:\/\/modera.com\/wp-content\/uploads\/2025\/12\/Modera-logo-square-hq.png","width":540,"height":540,"caption":"Modera Ltd."}]},"geo.placename":"Tallinn","geo.position":{"lat":"59.42723790071567","long":"24.65569993969669"},"geo.region":"Estland"},"_links":{"self":[{"href":"https:\/\/modera.com\/sv\/wp-json\/wp\/v2\/pages\/20684","targetHints":{"allow":["GET"]}}],"collection":[{"href":"https:\/\/modera.com\/sv\/wp-json\/wp\/v2\/pages"}],"about":[{"href":"https:\/\/modera.com\/sv\/wp-json\/wp\/v2\/types\/page"}],"author":[{"embeddable":true,"href":"https:\/\/modera.com\/sv\/wp-json\/wp\/v2\/users\/1"}],"replies":[{"embeddable":true,"href":"https:\/\/modera.com\/sv\/wp-json\/wp\/v2\/comments?post=20684"}],"version-history":[{"count":3,"href":"https:\/\/modera.com\/sv\/wp-json\/wp\/v2\/pages\/20684\/revisions"}],"predecessor-version":[{"id":20825,"href":"https:\/\/modera.com\/sv\/wp-json\/wp\/v2\/pages\/20684\/revisions\/20825"}],"wp:attachment":[{"href":"https:\/\/modera.com\/sv\/wp-json\/wp\/v2\/media?parent=20684"}],"curies":[{"name":"wp","href":"https:\/\/api.w.org\/{rel}","templated":true}]}}