{"id":20682,"date":"2024-03-06T09:58:20","date_gmt":"2024-03-06T09:58:20","guid":{"rendered":"https:\/\/modera.com\/integritetspolicy\/"},"modified":"2024-03-07T11:23:53","modified_gmt":"2024-03-07T11:23:53","slug":"integritetspolicy","status":"publish","type":"page","link":"https:\/\/modera.com\/sv\/integritetspolicy\/","title":{"rendered":"Integritetspolicy"},"content":{"rendered":"\n<p>V\u00e4lkommen till Modera-hemsidan. Vi p\u00e5 Modera f\u00f6rst\u00e5r v\u00e4rdet av personlig information och \u00e4r engagerade i att skydda kundens integritet och data. F\u00f6r att visa detta \u00e5tagande avsl\u00f6jar denna policy integritetspraxis f\u00f6r modera.net. Om du har n\u00e5gra fr\u00e5gor eller funderingar ang\u00e5ende denna integritetspolicy eller praxis p\u00e5 denna webbplats, v\u00e4nligen kontakta oss p\u00e5 <a href=\"mailto:webmaster@modera.net\">webmaster@modera.net<\/a><\/p>\n\n<div style=\"height:16px\" aria-hidden=\"true\" class=\"wp-block-spacer\"><\/div>\n\n<h2 class=\"wp-block-heading\" id=\"h-general-principles\">Generella principer<\/h2>\n\n<h3 class=\"wp-block-heading\"><strong>Notis<\/strong><\/h3>\n\n<p>Vi g\u00f6r v\u00e5rt b\u00e4sta f\u00f6r att ge alla bes\u00f6kare p\u00e5 emsidan fullst\u00e4ndig insyn i v\u00e5ra informationspraxis. Modera tillhandah\u00e5ller inte kontaktinformation till n\u00e5gon tredje part f\u00f6rutom medlemmar i Modera Partner Network eller andra distribut\u00f6rer som \u00e4r skyldiga att h\u00e5lla din information konfidentiell och endast anv\u00e4nda den f\u00f6r att f\u00f6lja upp med dig ang\u00e5ende din f\u00f6rfr\u00e5gan. Modera tillhandah\u00e5ller inte information som samlats in f\u00f6r nyhetsbrevet till n\u00e5gon tredje part. Genom att tillhandah\u00e5lla information p\u00e5 andra delar av hemsidan kan s\u00e5dan information anv\u00e4ndas som avsl\u00f6jats p\u00e5 den delen av hemsidan.&#13;\n&#13;\nDenna hemsida inneh\u00e5ller l\u00e4nkar till andra webbsidor. Var v\u00e4nlig och notera att Modera inte ansvarar f\u00f6r integritetspraxis f\u00f6r s\u00e5dana andra webbsidor; denna integritetspolicy g\u00e4ller endast f\u00f6r information som samlas in av denna hemsida.<\/p>\n\n<div style=\"height:16px\" aria-hidden=\"true\" class=\"wp-block-spacer\"><\/div>\n\n<h3 class=\"wp-block-heading\"><strong>Tillg\u00e5ng<\/strong><\/h3>\n\n<p>Du kan n\u00e4r som helst f\u00e5 tillg\u00e5ng till och g\u00f6ra \u00e4ndringar i din personliga information genom att <a href=\"https:\/\/modera.com\/sv\/kontakta-oss\/\">kontakta eller skicka uppdaterad information till oss<\/a>. Du kan ocks\u00e5 ber\u00e4tta f\u00f6r oss om du vill att hemsidan (eller andra tredjepartswebbsidor) ska skicka marknadsf\u00f6ringsinformation till dig eller inte.<\/p>\n\n<div style=\"height:16px\" aria-hidden=\"true\" class=\"wp-block-spacer\"><\/div>\n\n<h3 class=\"wp-block-heading\"><strong>Samtycke<\/strong><\/h3>\n\n<p>Du kan v\u00e4lja att inte l\u00e4mna ut personlig information, i s\u00e5 fall kan du fortfarande bl\u00e4ddra fritt p\u00e5 hemsidan. \u00c4ven om deltagande i vissa online-tj\u00e4nster och erbjudanden kan kr\u00e4va information om dig sj\u00e4lv \u00e4r det helt frivilligt och inget krav f\u00f6r att bl\u00e4ddra p\u00e5 hemsidan i allm\u00e4nhet. N\u00e4r du tillhandah\u00e5ller personligt identifierbar information som kan anv\u00e4ndas f\u00f6r \u00e4ndam\u00e5l som inte \u00e4r specifikt relaterade till syftet f\u00f6r vilket informationen samlades in kommer vi att erbjuda m\u00f6jlighet att v\u00e4lja bort s\u00e5dana anv\u00e4ndningar.<\/p>\n\n<div style=\"height:16px\" aria-hidden=\"true\" class=\"wp-block-spacer\"><\/div>\n\n<h3 class=\"wp-block-heading\"><strong>S\u00e4kerhet<\/strong><\/h3>\n\n<p>Vi vidtar alla rimliga \u00e5tg\u00e4rder f\u00f6r att skydda personligt identifierbar information fr\u00e5n obeh\u00f6rig \u00e5tkomst och missbruk. Om du av n\u00e5gon anledning tror att hemsidan inte har f\u00f6ljt dessa principer, <a href=\"https:\/\/modera.com\/sv\/kontakta-oss\/\">kontakta oss<\/a> g\u00e4rna.<\/p>\n\n<div style=\"height:16px\" aria-hidden=\"true\" class=\"wp-block-spacer\"><\/div>\n\n<p>Eventuella andra fr\u00e5gor eller bekymmer om denna hemsida eller dess praxis kan riktas till v\u00e5r <a href=\"https:\/\/modera.com\/sv\/kontakta-oss\/\">juridiska avdelning<\/a>.<\/p>\n","protected":false},"excerpt":{"rendered":"<p>V\u00e4lkommen till Modera-hemsidan. Vi p\u00e5 Modera f\u00f6rst\u00e5r v\u00e4rdet av personlig information och \u00e4r engagerade i att skydda kundens integritet och data. F\u00f6r att visa detta \u00e5tagande avsl\u00f6jar denna policy integritetspraxis&hellip;<\/p>\n","protected":false},"author":1,"featured_media":0,"parent":0,"menu_order":30,"comment_status":"closed","ping_status":"closed","template":"","meta":{"_lmt_disableupdate":"","_lmt_disable":"","footnotes":""},"class_list":["post-20682","page","type-page","status-publish","hentry"],"yoast_head":"<!-- This site is optimized with the Yoast SEO Premium plugin v26.6 (Yoast SEO v27.3) - https:\/\/yoast.com\/product\/yoast-seo-premium-wordpress\/ -->\n<title>Integritetspolicy - Modera<\/title>\n<meta name=\"robots\" content=\"index, follow, max-snippet:-1, max-image-preview:large, max-video-preview:-1\" \/>\n<link rel=\"canonical\" href=\"https:\/\/modera.com\/sv\/integritetspolicy\/\" \/>\n<meta property=\"og:locale\" content=\"sv_SE\" \/>\n<meta property=\"og:type\" content=\"article\" \/>\n<meta property=\"og:title\" content=\"Integritetspolicy\" \/>\n<meta property=\"og:description\" content=\"V\u00e4lkommen till Modera-hemsidan. Vi p\u00e5 Modera f\u00f6rst\u00e5r v\u00e4rdet av personlig information och \u00e4r engagerade i att skydda kundens integritet och data. F\u00f6r att visa detta \u00e5tagande avsl\u00f6jar denna policy integritetspraxis&hellip;\" \/>\n<meta property=\"og:url\" content=\"https:\/\/modera.com\/sv\/integritetspolicy\/\" \/>\n<meta property=\"og:site_name\" content=\"Modera\" \/>\n<meta property=\"article:publisher\" content=\"https:\/\/www.facebook.com\/moderasoft\" \/>\n<meta property=\"article:modified_time\" content=\"2024-03-07T11:23:53+00:00\" \/>\n<meta name=\"twitter:card\" content=\"summary_large_image\" \/>\n<meta name=\"twitter:label1\" content=\"Ber\u00e4knad l\u00e4stid\" \/>\n\t<meta name=\"twitter:data1\" content=\"2 minuter\" \/>\n<script type=\"application\/ld+json\" class=\"yoast-schema-graph\">{\"@context\":\"https:\\\/\\\/schema.org\",\"@graph\":[{\"@type\":\"WebPage\",\"@id\":\"https:\\\/\\\/modera.com\\\/sv\\\/integritetspolicy\\\/\",\"url\":\"https:\\\/\\\/modera.com\\\/sv\\\/integritetspolicy\\\/\",\"name\":\"Integritetspolicy - Modera\",\"isPartOf\":{\"@id\":\"https:\\\/\\\/modera.com\\\/sv\\\/#website\"},\"datePublished\":\"2024-03-06T09:58:20+00:00\",\"dateModified\":\"2024-03-07T11:23:53+00:00\",\"breadcrumb\":{\"@id\":\"https:\\\/\\\/modera.com\\\/sv\\\/integritetspolicy\\\/#breadcrumb\"},\"inLanguage\":\"sv-SE\",\"potentialAction\":[{\"@type\":\"ReadAction\",\"target\":[\"https:\\\/\\\/modera.com\\\/sv\\\/integritetspolicy\\\/\"]}]},{\"@type\":\"BreadcrumbList\",\"@id\":\"https:\\\/\\\/modera.com\\\/sv\\\/integritetspolicy\\\/#breadcrumb\",\"itemListElement\":[{\"@type\":\"ListItem\",\"position\":1,\"name\":\"Home\",\"item\":\"https:\\\/\\\/modera.com\\\/sv\\\/\"},{\"@type\":\"ListItem\",\"position\":2,\"name\":\"Integritetspolicy\"}]},{\"@type\":\"WebSite\",\"@id\":\"https:\\\/\\\/modera.com\\\/sv\\\/#website\",\"url\":\"https:\\\/\\\/modera.com\\\/sv\\\/\",\"name\":\"Modera\",\"description\":\"Car sales made simple\",\"publisher\":{\"@id\":\"https:\\\/\\\/modera.com\\\/sv\\\/#organization\"},\"potentialAction\":[{\"@type\":\"SearchAction\",\"target\":{\"@type\":\"EntryPoint\",\"urlTemplate\":\"https:\\\/\\\/modera.com\\\/sv\\\/?s={search_term_string}\"},\"query-input\":{\"@type\":\"PropertyValueSpecification\",\"valueRequired\":true,\"valueName\":\"search_term_string\"}}],\"inLanguage\":\"sv-SE\"},{\"@type\":[\"Organization\",\"Place\"],\"@id\":\"https:\\\/\\\/modera.com\\\/sv\\\/#organization\",\"name\":\"Modera Ltd.\",\"alternateName\":\"Aktsiaselts Modera\",\"url\":\"https:\\\/\\\/modera.com\\\/sv\\\/\",\"logo\":{\"@id\":\"https:\\\/\\\/modera.com\\\/sv\\\/integritetspolicy\\\/#local-main-organization-logo\"},\"image\":{\"@id\":\"https:\\\/\\\/modera.com\\\/sv\\\/integritetspolicy\\\/#local-main-organization-logo\"},\"sameAs\":[\"https:\\\/\\\/www.facebook.com\\\/moderasoft\",\"https:\\\/\\\/linkedin.com\\\/company\\\/modera-automotive\"],\"description\":\"Modera helps automotive manufacturers, importers, and dealer networks modernise how they sell, communicate, and grow. Our AI-driven platform connects every part of the sales ecosystem \u2014 from lead to delivery \u2014 enabling faster sales, smarter decisions, and seamless customer experiences across online and in-store channels.\",\"legalName\":\"Aktsiaselts Modera\",\"foundingDate\":\"2007-04-27\",\"duns\":\"565452886\",\"numberOfEmployees\":{\"@type\":\"QuantitativeValue\",\"minValue\":\"11\",\"maxValue\":\"50\"},\"address\":{\"@id\":\"https:\\\/\\\/modera.com\\\/sv\\\/integritetspolicy\\\/#local-main-place-address\"},\"geo\":{\"@type\":\"GeoCoordinates\",\"latitude\":\"59.42723790071567\",\"longitude\":\"24.65569993969669\"},\"telephone\":[\"+3726505500\"],\"contactPoint\":{\"@type\":\"ContactPoint\",\"email\":\"sales@modera.com\"},\"openingHoursSpecification\":[{\"@type\":\"OpeningHoursSpecification\",\"dayOfWeek\":[\"Monday\",\"Tuesday\",\"Wednesday\",\"Thursday\",\"Friday\"],\"opens\":\"09:00\",\"closes\":\"17:00\"},{\"@type\":\"OpeningHoursSpecification\",\"dayOfWeek\":[\"Saturday\",\"Sunday\"],\"opens\":\"00:00\",\"closes\":\"00:00\"}],\"email\":\"info@modera.com\",\"areaServed\":\"Whole world\",\"vatID\":\"EE101257613\"},{\"@type\":\"PostalAddress\",\"@id\":\"https:\\\/\\\/modera.com\\\/sv\\\/integritetspolicy\\\/#local-main-place-address\",\"streetAddress\":\"M\u00f5isa tn 4\",\"addressLocality\":\"Tallinn\",\"postalCode\":\"13522\",\"addressRegion\":\"Harjumaa\",\"addressCountry\":\"EE\"},{\"@type\":\"ImageObject\",\"inLanguage\":\"sv-SE\",\"@id\":\"https:\\\/\\\/modera.com\\\/sv\\\/integritetspolicy\\\/#local-main-organization-logo\",\"url\":\"https:\\\/\\\/modera.com\\\/wp-content\\\/uploads\\\/2025\\\/12\\\/Modera-logo-square-hq.png\",\"contentUrl\":\"https:\\\/\\\/modera.com\\\/wp-content\\\/uploads\\\/2025\\\/12\\\/Modera-logo-square-hq.png\",\"width\":540,\"height\":540,\"caption\":\"Modera Ltd.\"}]}<\/script>\n<meta name=\"geo.placename\" content=\"Tallinn\" \/>\n<meta name=\"geo.position\" content=\"59.42723790071567;24.65569993969669\" \/>\n<meta name=\"geo.region\" content=\"Estland\" \/>\n<!-- \/ Yoast SEO Premium plugin. -->","yoast_head_json":{"title":"Integritetspolicy - Modera","robots":{"index":"index","follow":"follow","max-snippet":"max-snippet:-1","max-image-preview":"max-image-preview:large","max-video-preview":"max-video-preview:-1"},"canonical":"https:\/\/modera.com\/sv\/integritetspolicy\/","og_locale":"sv_SE","og_type":"article","og_title":"Integritetspolicy","og_description":"V\u00e4lkommen till Modera-hemsidan. Vi p\u00e5 Modera f\u00f6rst\u00e5r v\u00e4rdet av personlig information och \u00e4r engagerade i att skydda kundens integritet och data. F\u00f6r att visa detta \u00e5tagande avsl\u00f6jar denna policy integritetspraxis&hellip;","og_url":"https:\/\/modera.com\/sv\/integritetspolicy\/","og_site_name":"Modera","article_publisher":"https:\/\/www.facebook.com\/moderasoft","article_modified_time":"2024-03-07T11:23:53+00:00","twitter_card":"summary_large_image","twitter_misc":{"Ber\u00e4knad l\u00e4stid":"2 minuter"},"schema":{"@context":"https:\/\/schema.org","@graph":[{"@type":"WebPage","@id":"https:\/\/modera.com\/sv\/integritetspolicy\/","url":"https:\/\/modera.com\/sv\/integritetspolicy\/","name":"Integritetspolicy - Modera","isPartOf":{"@id":"https:\/\/modera.com\/sv\/#website"},"datePublished":"2024-03-06T09:58:20+00:00","dateModified":"2024-03-07T11:23:53+00:00","breadcrumb":{"@id":"https:\/\/modera.com\/sv\/integritetspolicy\/#breadcrumb"},"inLanguage":"sv-SE","potentialAction":[{"@type":"ReadAction","target":["https:\/\/modera.com\/sv\/integritetspolicy\/"]}]},{"@type":"BreadcrumbList","@id":"https:\/\/modera.com\/sv\/integritetspolicy\/#breadcrumb","itemListElement":[{"@type":"ListItem","position":1,"name":"Home","item":"https:\/\/modera.com\/sv\/"},{"@type":"ListItem","position":2,"name":"Integritetspolicy"}]},{"@type":"WebSite","@id":"https:\/\/modera.com\/sv\/#website","url":"https:\/\/modera.com\/sv\/","name":"Modera","description":"Car sales made simple","publisher":{"@id":"https:\/\/modera.com\/sv\/#organization"},"potentialAction":[{"@type":"SearchAction","target":{"@type":"EntryPoint","urlTemplate":"https:\/\/modera.com\/sv\/?s={search_term_string}"},"query-input":{"@type":"PropertyValueSpecification","valueRequired":true,"valueName":"search_term_string"}}],"inLanguage":"sv-SE"},{"@type":["Organization","Place"],"@id":"https:\/\/modera.com\/sv\/#organization","name":"Modera Ltd.","alternateName":"Aktsiaselts Modera","url":"https:\/\/modera.com\/sv\/","logo":{"@id":"https:\/\/modera.com\/sv\/integritetspolicy\/#local-main-organization-logo"},"image":{"@id":"https:\/\/modera.com\/sv\/integritetspolicy\/#local-main-organization-logo"},"sameAs":["https:\/\/www.facebook.com\/moderasoft","https:\/\/linkedin.com\/company\/modera-automotive"],"description":"Modera helps automotive manufacturers, importers, and dealer networks modernise how they sell, communicate, and grow. Our AI-driven platform connects every part of the sales ecosystem \u2014 from lead to delivery \u2014 enabling faster sales, smarter decisions, and seamless customer experiences across online and in-store channels.","legalName":"Aktsiaselts Modera","foundingDate":"2007-04-27","duns":"565452886","numberOfEmployees":{"@type":"QuantitativeValue","minValue":"11","maxValue":"50"},"address":{"@id":"https:\/\/modera.com\/sv\/integritetspolicy\/#local-main-place-address"},"geo":{"@type":"GeoCoordinates","latitude":"59.42723790071567","longitude":"24.65569993969669"},"telephone":["+3726505500"],"contactPoint":{"@type":"ContactPoint","email":"sales@modera.com"},"openingHoursSpecification":[{"@type":"OpeningHoursSpecification","dayOfWeek":["Monday","Tuesday","Wednesday","Thursday","Friday"],"opens":"09:00","closes":"17:00"},{"@type":"OpeningHoursSpecification","dayOfWeek":["Saturday","Sunday"],"opens":"00:00","closes":"00:00"}],"email":"info@modera.com","areaServed":"Whole world","vatID":"EE101257613"},{"@type":"PostalAddress","@id":"https:\/\/modera.com\/sv\/integritetspolicy\/#local-main-place-address","streetAddress":"M\u00f5isa tn 4","addressLocality":"Tallinn","postalCode":"13522","addressRegion":"Harjumaa","addressCountry":"EE"},{"@type":"ImageObject","inLanguage":"sv-SE","@id":"https:\/\/modera.com\/sv\/integritetspolicy\/#local-main-organization-logo","url":"https:\/\/modera.com\/wp-content\/uploads\/2025\/12\/Modera-logo-square-hq.png","contentUrl":"https:\/\/modera.com\/wp-content\/uploads\/2025\/12\/Modera-logo-square-hq.png","width":540,"height":540,"caption":"Modera Ltd."}]},"geo.placename":"Tallinn","geo.position":{"lat":"59.42723790071567","long":"24.65569993969669"},"geo.region":"Estland"},"_links":{"self":[{"href":"https:\/\/modera.com\/sv\/wp-json\/wp\/v2\/pages\/20682","targetHints":{"allow":["GET"]}}],"collection":[{"href":"https:\/\/modera.com\/sv\/wp-json\/wp\/v2\/pages"}],"about":[{"href":"https:\/\/modera.com\/sv\/wp-json\/wp\/v2\/types\/page"}],"author":[{"embeddable":true,"href":"https:\/\/modera.com\/sv\/wp-json\/wp\/v2\/users\/1"}],"replies":[{"embeddable":true,"href":"https:\/\/modera.com\/sv\/wp-json\/wp\/v2\/comments?post=20682"}],"version-history":[{"count":3,"href":"https:\/\/modera.com\/sv\/wp-json\/wp\/v2\/pages\/20682\/revisions"}],"predecessor-version":[{"id":20823,"href":"https:\/\/modera.com\/sv\/wp-json\/wp\/v2\/pages\/20682\/revisions\/20823"}],"wp:attachment":[{"href":"https:\/\/modera.com\/sv\/wp-json\/wp\/v2\/media?parent=20682"}],"curies":[{"name":"wp","href":"https:\/\/api.w.org\/{rel}","templated":true}]}}